{"id":424,"date":"2021-08-03T22:55:50","date_gmt":"2021-08-03T22:55:50","guid":{"rendered":"https:\/\/aztec.progressionstudios.com\/?post_type=video_skrn&#038;p=424"},"modified":"2024-11-25T17:37:15","modified_gmt":"2024-11-25T16:37:15","slug":"54-des-francais-ne-se-sentent-pas-alignes-avec-leur-travail","status":"publish","type":"video_skrn","link":"https:\/\/myanzo.com\/fr_fr\/title\/54-des-francais-ne-se-sentent-pas-alignes-avec-leur-travail\/","title":{"rendered":"54% des fran\u00e7ais ne se sentent pas \u00ab\u00a0align\u00e9s\u00a0\u00bb avec leur travail"},"content":{"rendered":"<p>\u00be des futurs dipl\u00f4m\u00e9s des grandes \u00e9coles veulent avoir un emploi align\u00e9 avec leurs valeurs<\/p><p>Alignement, \u00e9quilibre, sinc\u00e9rit\u00e9\u2026<br>Des mots qui raisonnent en moi depuis de tr\u00e8s tr\u00e8s nombreuses ann\u00e9es !<br>Et pourtant nous savons tous qu&rsquo;\u00e0 chaque fois que nous communiquons, chacun va entendre le<br>m\u00eame mot et y mettre sa v\u00e9rit\u00e9\u2026<\/p><p>La sinc\u00e9rit\u00e9 est celle de nos paroles, de nos actes.<br>Alors oui, si chacun fait un travail en profondeur pour comprendre ce qui l&rsquo;anime vraiment, ce qu&rsquo;il<br>a envie de partager avec les autres, ce qu&rsquo;il souhaite apporter au monde;<br>Alors oui, si l&rsquo;autre est \u00e0 l&rsquo;\u00e9coute pour comprendre et que chacun n&rsquo;ait pas peur et se d\u00e9voile;<br>Alors oui, si chacun est ouvert, curieux et accepte la diff\u00e9rence, la compl\u00e9mentarit\u00e9, car nous<br>avons besoin de l&rsquo;autre pour grandir.<br>Je retrouve une belle d\u00e9fintion du travail dans ce contexte :<br>\u00ab\u00a0l&rsquo;ensemble des activit\u00e9s humaines organis\u00e9es, coordonn\u00e9es, en vue de produire ce qui est utile&rsquo;<br>Alors prenez le temps de d\u00e9finir qui vous \u00eates vraiment, au plus profond de vous;<br>Alors prenez le temps de d\u00e9finir votre mission dans une entreprise;<br>Alors prenez le temps de d\u00e9finir la r\u00e9ussite, quelque soit votre position, dirigeant, collaborateur ou<br>actionnaire.<br>Enfin, n&rsquo;oubliez pas une chose :<br>\u00ab\u00a0Il n&rsquo;y a pas de mauvaise personne, il n&rsquo;y a que des personnes aux mauvaises places\u00a0\u00bb.<\/p><p><br>#entreprise #alignement #individu<br>PS : ce n&rsquo;est plus un post mais un article qu&rsquo;il faudrait pour d\u00e9velopper chacune de ces id\u00e9es. Et<br>vous, que mettez-vous derri\u00e8re le mot alignement<\/p><p><\/p>","protected":false},"excerpt":{"rendered":"<p>\u00be des futurs dipl\u00f4m\u00e9s des grandes \u00e9coles veulent avoir un emploi align\u00e9 avec leurs valeurs Alignement, \u00e9quilibre, sinc\u00e9rit\u00e9\u2026Des mots qui raisonnent en moi depuis de tr\u00e8s tr\u00e8s nombreuses ann\u00e9es !Et pourtant nous savons tous qu&rsquo;\u00e0 chaque fois que nous communiquons, chacun va entendre lem\u00eame mot et y mettre sa v\u00e9rit\u00e9\u2026 La sinc\u00e9rit\u00e9 est celle de [&hellip;]<\/p>\n","protected":false},"featured_media":2028,"comment_status":"open","ping_status":"closed","template":"","video-type":[25],"video-genres":[26],"video-category":[21],"video-cast":[],"video-director":[],"class_list":["post-424","video_skrn","type-video_skrn","status-publish","has-post-thumbnail","hentry","video-type-podcasts","video-genres-podcasts","video-category-featured-home"],"yoast_head":"<!-- This site is optimized with the Yoast SEO plugin v23.9 - https:\/\/yoast.com\/wordpress\/plugins\/seo\/ -->\n<title>54% des fran\u00e7ais ne se sentent pas \u00ab\u00a0align\u00e9s\u00a0\u00bb avec leur travail - Myanzo<\/title>\n<meta name=\"robots\" content=\"index, follow, max-snippet:-1, max-image-preview:large, max-video-preview:-1\" \/>\n<link rel=\"canonical\" href=\"https:\/\/myanzo.com\/fr_fr\/title\/54-des-francais-ne-se-sentent-pas-alignes-avec-leur-travail\/\" \/>\n<meta property=\"og:locale\" content=\"fr_FR\" \/>\n<meta property=\"og:type\" content=\"article\" \/>\n<meta property=\"og:title\" content=\"54% des fran\u00e7ais ne se sentent pas \u00ab\u00a0align\u00e9s\u00a0\u00bb avec leur travail - Myanzo\" \/>\n<meta property=\"og:description\" content=\"\u00be des futurs dipl\u00f4m\u00e9s des grandes \u00e9coles veulent avoir un emploi align\u00e9 avec leurs valeurs Alignement, \u00e9quilibre, sinc\u00e9rit\u00e9\u2026Des mots qui raisonnent en moi depuis de tr\u00e8s tr\u00e8s nombreuses ann\u00e9es !Et pourtant nous savons tous qu&rsquo;\u00e0 chaque fois que nous communiquons, chacun va entendre lem\u00eame mot et y mettre sa v\u00e9rit\u00e9\u2026 La sinc\u00e9rit\u00e9 est celle de [&hellip;]\" \/>\n<meta property=\"og:url\" content=\"https:\/\/myanzo.com\/fr_fr\/title\/54-des-francais-ne-se-sentent-pas-alignes-avec-leur-travail\/\" \/>\n<meta property=\"og:site_name\" content=\"Myanzo\" \/>\n<meta property=\"article:modified_time\" content=\"2024-11-25T16:37:15+00:00\" \/>\n<meta property=\"og:image\" content=\"https:\/\/myanzo.com\/wp-content\/uploads\/2021\/08\/couse-a-pied-scaled.jpg\" \/>\n\t<meta property=\"og:image:width\" content=\"2560\" \/>\n\t<meta property=\"og:image:height\" content=\"1440\" \/>\n\t<meta property=\"og:image:type\" content=\"image\/jpeg\" \/>\n<meta name=\"twitter:card\" content=\"summary_large_image\" \/>\n<meta name=\"twitter:label1\" content=\"Dur\u00e9e de lecture estim\u00e9e\" \/>\n\t<meta name=\"twitter:data1\" content=\"2 minutes\" \/>\n<script type=\"application\/ld+json\" class=\"yoast-schema-graph\">{\"@context\":\"https:\/\/schema.org\",\"@graph\":[{\"@type\":\"WebPage\",\"@id\":\"https:\/\/myanzo.com\/title\/54-des-francais-ne-se-sentent-pas-alignes-avec-leur-travail\/\",\"url\":\"https:\/\/myanzo.com\/title\/54-des-francais-ne-se-sentent-pas-alignes-avec-leur-travail\/\",\"name\":\"54% des fran\u00e7ais ne se sentent pas \u00ab\u00a0align\u00e9s\u00a0\u00bb avec leur travail - Myanzo\",\"isPartOf\":{\"@id\":\"https:\/\/myanzo.com\/#website\"},\"primaryImageOfPage\":{\"@id\":\"https:\/\/myanzo.com\/title\/54-des-francais-ne-se-sentent-pas-alignes-avec-leur-travail\/#primaryimage\"},\"image\":{\"@id\":\"https:\/\/myanzo.com\/title\/54-des-francais-ne-se-sentent-pas-alignes-avec-leur-travail\/#primaryimage\"},\"thumbnailUrl\":\"https:\/\/myanzo.com\/wp-content\/uploads\/2021\/08\/couse-a-pied-scaled.jpg\",\"datePublished\":\"2021-08-03T22:55:50+00:00\",\"dateModified\":\"2024-11-25T16:37:15+00:00\",\"breadcrumb\":{\"@id\":\"https:\/\/myanzo.com\/title\/54-des-francais-ne-se-sentent-pas-alignes-avec-leur-travail\/#breadcrumb\"},\"inLanguage\":\"fr-FR\",\"potentialAction\":[{\"@type\":\"ReadAction\",\"target\":[\"https:\/\/myanzo.com\/title\/54-des-francais-ne-se-sentent-pas-alignes-avec-leur-travail\/\"]}]},{\"@type\":\"ImageObject\",\"inLanguage\":\"fr-FR\",\"@id\":\"https:\/\/myanzo.com\/title\/54-des-francais-ne-se-sentent-pas-alignes-avec-leur-travail\/#primaryimage\",\"url\":\"https:\/\/myanzo.com\/wp-content\/uploads\/2021\/08\/couse-a-pied-scaled.jpg\",\"contentUrl\":\"https:\/\/myanzo.com\/wp-content\/uploads\/2021\/08\/couse-a-pied-scaled.jpg\",\"width\":2560,\"height\":1440},{\"@type\":\"BreadcrumbList\",\"@id\":\"https:\/\/myanzo.com\/title\/54-des-francais-ne-se-sentent-pas-alignes-avec-leur-travail\/#breadcrumb\",\"itemListElement\":[{\"@type\":\"ListItem\",\"position\":1,\"name\":\"Home\",\"item\":\"https:\/\/myanzo.com\/\"},{\"@type\":\"ListItem\",\"position\":2,\"name\":\"Videos\",\"item\":\"https:\/\/myanzo.com\/title\/\"},{\"@type\":\"ListItem\",\"position\":3,\"name\":\"54% des fran\u00e7ais ne se sentent pas \u00ab\u00a0align\u00e9s\u00a0\u00bb avec leur travail\"}]},{\"@type\":\"WebSite\",\"@id\":\"https:\/\/myanzo.com\/#website\",\"url\":\"https:\/\/myanzo.com\/\",\"name\":\"Myanzo\",\"description\":\"Compagnon de vos d\u00e9cisions\",\"publisher\":{\"@id\":\"https:\/\/myanzo.com\/#organization\"},\"potentialAction\":[{\"@type\":\"SearchAction\",\"target\":{\"@type\":\"EntryPoint\",\"urlTemplate\":\"https:\/\/myanzo.com\/?s={search_term_string}\"},\"query-input\":{\"@type\":\"PropertyValueSpecification\",\"valueRequired\":true,\"valueName\":\"search_term_string\"}}],\"inLanguage\":\"fr-FR\"},{\"@type\":\"Organization\",\"@id\":\"https:\/\/myanzo.com\/#organization\",\"name\":\"Myanzo\",\"url\":\"https:\/\/myanzo.com\/\",\"logo\":{\"@type\":\"ImageObject\",\"inLanguage\":\"fr-FR\",\"@id\":\"https:\/\/myanzo.com\/#\/schema\/logo\/image\/\",\"url\":\"https:\/\/myanzo.com\/wp-content\/uploads\/2021\/08\/cropped-MYANZO_Slogan.png\",\"contentUrl\":\"https:\/\/myanzo.com\/wp-content\/uploads\/2021\/08\/cropped-MYANZO_Slogan.png\",\"width\":1208,\"height\":332,\"caption\":\"Myanzo\"},\"image\":{\"@id\":\"https:\/\/myanzo.com\/#\/schema\/logo\/image\/\"}}]}<\/script>\n<!-- \/ Yoast SEO plugin. -->","yoast_head_json":{"title":"54% des fran\u00e7ais ne se sentent pas \u00ab\u00a0align\u00e9s\u00a0\u00bb avec leur travail - Myanzo","robots":{"index":"index","follow":"follow","max-snippet":"max-snippet:-1","max-image-preview":"max-image-preview:large","max-video-preview":"max-video-preview:-1"},"canonical":"https:\/\/myanzo.com\/fr_fr\/title\/54-des-francais-ne-se-sentent-pas-alignes-avec-leur-travail\/","og_locale":"fr_FR","og_type":"article","og_title":"54% des fran\u00e7ais ne se sentent pas \u00ab\u00a0align\u00e9s\u00a0\u00bb avec leur travail - Myanzo","og_description":"\u00be des futurs dipl\u00f4m\u00e9s des grandes \u00e9coles veulent avoir un emploi align\u00e9 avec leurs valeurs Alignement, \u00e9quilibre, sinc\u00e9rit\u00e9\u2026Des mots qui raisonnent en moi depuis de tr\u00e8s tr\u00e8s nombreuses ann\u00e9es !Et pourtant nous savons tous qu&rsquo;\u00e0 chaque fois que nous communiquons, chacun va entendre lem\u00eame mot et y mettre sa v\u00e9rit\u00e9\u2026 La sinc\u00e9rit\u00e9 est celle de [&hellip;]","og_url":"https:\/\/myanzo.com\/fr_fr\/title\/54-des-francais-ne-se-sentent-pas-alignes-avec-leur-travail\/","og_site_name":"Myanzo","article_modified_time":"2024-11-25T16:37:15+00:00","og_image":[{"width":2560,"height":1440,"url":"https:\/\/myanzo.com\/wp-content\/uploads\/2021\/08\/couse-a-pied-scaled.jpg","type":"image\/jpeg"}],"twitter_card":"summary_large_image","twitter_misc":{"Dur\u00e9e de lecture estim\u00e9e":"2 minutes"},"schema":{"@context":"https:\/\/schema.org","@graph":[{"@type":"WebPage","@id":"https:\/\/myanzo.com\/title\/54-des-francais-ne-se-sentent-pas-alignes-avec-leur-travail\/","url":"https:\/\/myanzo.com\/title\/54-des-francais-ne-se-sentent-pas-alignes-avec-leur-travail\/","name":"54% des fran\u00e7ais ne se sentent pas \u00ab\u00a0align\u00e9s\u00a0\u00bb avec leur travail - Myanzo","isPartOf":{"@id":"https:\/\/myanzo.com\/#website"},"primaryImageOfPage":{"@id":"https:\/\/myanzo.com\/title\/54-des-francais-ne-se-sentent-pas-alignes-avec-leur-travail\/#primaryimage"},"image":{"@id":"https:\/\/myanzo.com\/title\/54-des-francais-ne-se-sentent-pas-alignes-avec-leur-travail\/#primaryimage"},"thumbnailUrl":"https:\/\/myanzo.com\/wp-content\/uploads\/2021\/08\/couse-a-pied-scaled.jpg","datePublished":"2021-08-03T22:55:50+00:00","dateModified":"2024-11-25T16:37:15+00:00","breadcrumb":{"@id":"https:\/\/myanzo.com\/title\/54-des-francais-ne-se-sentent-pas-alignes-avec-leur-travail\/#breadcrumb"},"inLanguage":"fr-FR","potentialAction":[{"@type":"ReadAction","target":["https:\/\/myanzo.com\/title\/54-des-francais-ne-se-sentent-pas-alignes-avec-leur-travail\/"]}]},{"@type":"ImageObject","inLanguage":"fr-FR","@id":"https:\/\/myanzo.com\/title\/54-des-francais-ne-se-sentent-pas-alignes-avec-leur-travail\/#primaryimage","url":"https:\/\/myanzo.com\/wp-content\/uploads\/2021\/08\/couse-a-pied-scaled.jpg","contentUrl":"https:\/\/myanzo.com\/wp-content\/uploads\/2021\/08\/couse-a-pied-scaled.jpg","width":2560,"height":1440},{"@type":"BreadcrumbList","@id":"https:\/\/myanzo.com\/title\/54-des-francais-ne-se-sentent-pas-alignes-avec-leur-travail\/#breadcrumb","itemListElement":[{"@type":"ListItem","position":1,"name":"Home","item":"https:\/\/myanzo.com\/"},{"@type":"ListItem","position":2,"name":"Videos","item":"https:\/\/myanzo.com\/title\/"},{"@type":"ListItem","position":3,"name":"54% des fran\u00e7ais ne se sentent pas \u00ab\u00a0align\u00e9s\u00a0\u00bb avec leur travail"}]},{"@type":"WebSite","@id":"https:\/\/myanzo.com\/#website","url":"https:\/\/myanzo.com\/","name":"Myanzo","description":"Compagnon de vos d\u00e9cisions","publisher":{"@id":"https:\/\/myanzo.com\/#organization"},"potentialAction":[{"@type":"SearchAction","target":{"@type":"EntryPoint","urlTemplate":"https:\/\/myanzo.com\/?s={search_term_string}"},"query-input":{"@type":"PropertyValueSpecification","valueRequired":true,"valueName":"search_term_string"}}],"inLanguage":"fr-FR"},{"@type":"Organization","@id":"https:\/\/myanzo.com\/#organization","name":"Myanzo","url":"https:\/\/myanzo.com\/","logo":{"@type":"ImageObject","inLanguage":"fr-FR","@id":"https:\/\/myanzo.com\/#\/schema\/logo\/image\/","url":"https:\/\/myanzo.com\/wp-content\/uploads\/2021\/08\/cropped-MYANZO_Slogan.png","contentUrl":"https:\/\/myanzo.com\/wp-content\/uploads\/2021\/08\/cropped-MYANZO_Slogan.png","width":1208,"height":332,"caption":"Myanzo"},"image":{"@id":"https:\/\/myanzo.com\/#\/schema\/logo\/image\/"}}]}},"_links":{"self":[{"href":"https:\/\/myanzo.com\/fr_fr\/wp-json\/wp\/v2\/video_skrn\/424","targetHints":{"allow":["GET"]}}],"collection":[{"href":"https:\/\/myanzo.com\/fr_fr\/wp-json\/wp\/v2\/video_skrn"}],"about":[{"href":"https:\/\/myanzo.com\/fr_fr\/wp-json\/wp\/v2\/types\/video_skrn"}],"replies":[{"embeddable":true,"href":"https:\/\/myanzo.com\/fr_fr\/wp-json\/wp\/v2\/comments?post=424"}],"wp:featuredmedia":[{"embeddable":true,"href":"https:\/\/myanzo.com\/fr_fr\/wp-json\/wp\/v2\/media\/2028"}],"wp:attachment":[{"href":"https:\/\/myanzo.com\/fr_fr\/wp-json\/wp\/v2\/media?parent=424"}],"wp:term":[{"taxonomy":"video-type","embeddable":true,"href":"https:\/\/myanzo.com\/fr_fr\/wp-json\/wp\/v2\/video-type?post=424"},{"taxonomy":"video-genres","embeddable":true,"href":"https:\/\/myanzo.com\/fr_fr\/wp-json\/wp\/v2\/video-genres?post=424"},{"taxonomy":"video-category","embeddable":true,"href":"https:\/\/myanzo.com\/fr_fr\/wp-json\/wp\/v2\/video-category?post=424"},{"taxonomy":"video-cast","embeddable":true,"href":"https:\/\/myanzo.com\/fr_fr\/wp-json\/wp\/v2\/video-cast?post=424"},{"taxonomy":"video-director","embeddable":true,"href":"https:\/\/myanzo.com\/fr_fr\/wp-json\/wp\/v2\/video-director?post=424"}],"curies":[{"name":"wp","href":"https:\/\/api.w.org\/{rel}","templated":true}]}}